{"id":623,"date":"2021-12-07T19:38:44","date_gmt":"2021-12-07T18:38:44","guid":{"rendered":"http:\/\/marenkuehn.ch\/?page_id=623"},"modified":"2021-12-07T19:38:45","modified_gmt":"2021-12-07T18:38:45","slug":"museum-des-20-jahrhunderts","status":"publish","type":"page","link":"http:\/\/marenkuehn.ch\/?page_id=623","title":{"rendered":"Museum des 20. Jahrhunderts"},"content":{"rendered":"\n<figure class=\"wp-block-gallery columns-1 is-cropped\"><ul class=\"blocks-gallery-grid\"><li class=\"blocks-gallery-item\"><figure><a href=\"http:\/\/marenkuehn.ch\/wp-content\/uploads\/2021\/12\/MUSE_16-scaled.jpg\"><img loading=\"lazy\" width=\"1607\" height=\"2560\" src=\"http:\/\/marenkuehn.ch\/wp-content\/uploads\/2021\/12\/MUSE_16-scaled.jpg\" alt=\"\" data-id=\"624\" data-full-url=\"http:\/\/marenkuehn.ch\/wp-content\/uploads\/2021\/12\/MUSE_16-scaled.jpg\" data-link=\"http:\/\/marenkuehn.ch\/?attachment_id=624#main\" class=\"wp-image-624\" srcset=\"http:\/\/marenkuehn.ch\/wp-content\/uploads\/2021\/12\/MUSE_16-scaled.jpg 1607w, http:\/\/marenkuehn.ch\/wp-content\/uploads\/2021\/12\/MUSE_16-188x300.jpg 188w, http:\/\/marenkuehn.ch\/wp-content\/uploads\/2021\/12\/MUSE_16-643x1024.jpg 643w, http:\/\/marenkuehn.ch\/wp-content\/uploads\/2021\/12\/MUSE_16-768x1224.jpg 768w, http:\/\/marenkuehn.ch\/wp-content\/uploads\/2021\/12\/MUSE_16-964x1536.jpg 964w, http:\/\/marenkuehn.ch\/wp-content\/uploads\/2021\/12\/MUSE_16-1285x2048.jpg 1285w, http:\/\/marenkuehn.ch\/wp-content\/uploads\/2021\/12\/MUSE_16-304x484.jpg 304w\" sizes=\"(max-width: 1607px) 100vw, 1607px\" \/><\/a><\/figure><\/li><\/ul><figcaption class=\"blocks-gallery-caption\"><strong>Das Museum des 20. Jahrhunderts.<\/strong> Concours d&rsquo;id\u00e9es pour la construction du mus\u00e9e du 20e si\u00e8cle, Berlin (D). En collaboration avec Made In architectes, Gen\u00e8ve. 2015 \/\/\/\/\/ <em>Ideenwettbewerb f\u00fcr den Bau des Museums des 20. Jahrhunderts, Kulturforum Berlin (D). In Zusammenarbeit mit Made In architectes, Genf. 2015<\/em><\/figcaption><\/figure>\n\n\n\n<p><\/p>\n","protected":false},"excerpt":{"rendered":"","protected":false},"author":1,"featured_media":0,"parent":0,"menu_order":0,"comment_status":"closed","ping_status":"closed","template":"","meta":[],"_links":{"self":[{"href":"http:\/\/marenkuehn.ch\/index.php?rest_route=\/wp\/v2\/pages\/623"}],"collection":[{"href":"http:\/\/marenkuehn.ch\/index.php?rest_route=\/wp\/v2\/pages"}],"about":[{"href":"http:\/\/marenkuehn.ch\/index.php?rest_route=\/wp\/v2\/types\/page"}],"author":[{"embeddable":true,"href":"http:\/\/marenkuehn.ch\/index.php?rest_route=\/wp\/v2\/users\/1"}],"replies":[{"embeddable":true,"href":"http:\/\/marenkuehn.ch\/index.php?rest_route=%2Fwp%2Fv2%2Fcomments&post=623"}],"version-history":[{"count":1,"href":"http:\/\/marenkuehn.ch\/index.php?rest_route=\/wp\/v2\/pages\/623\/revisions"}],"predecessor-version":[{"id":625,"href":"http:\/\/marenkuehn.ch\/index.php?rest_route=\/wp\/v2\/pages\/623\/revisions\/625"}],"wp:attachment":[{"href":"http:\/\/marenkuehn.ch\/index.php?rest_route=%2Fwp%2Fv2%2Fmedia&parent=623"}],"curies":[{"name":"wp","href":"https:\/\/api.w.org\/{rel}","templated":true}]}}